{"id":201,"date":"2025-06-22T22:00:26","date_gmt":"2025-06-22T22:00:26","guid":{"rendered":"https:\/\/jandira360.com.br\/expobigua\/?page_id=201"},"modified":"2025-11-28T03:40:33","modified_gmt":"2025-11-28T03:40:33","slug":"na-midia","status":"publish","type":"page","link":"https:\/\/jandira360.com.br\/expobigua\/na-midia\/","title":{"rendered":"Na m\u00eddia"},"content":{"rendered":"\n<p><strong>Exposi\u00e7\u00e3o na ALESP &#8211; De 03\/11 a 07\/11<\/strong><\/p>\n\n\n\n<ul class=\"wp-block-list\">\n<li>Jornal da Rede ALESP <\/li>\n<\/ul>\n\n\n\n<figure class=\"wp-block-embed aligncenter is-type-video is-provider-youtube wp-block-embed-youtube wp-embed-aspect-16-9 wp-has-aspect-ratio\"><div class=\"wp-block-embed__wrapper\">\n<iframe loading=\"lazy\" title=\"Jornal da Rede Alesp  - 04\/11\/2025\" width=\"500\" height=\"281\" src=\"https:\/\/www.youtube.com\/embed\/XZZSf6Q4-54?start=1362&#038;feature=oembed\" frameborder=\"0\" allow=\"accelerometer; autoplay; clipboard-write; encrypted-media; gyroscope; picture-in-picture; web-share\" referrerpolicy=\"strict-origin-when-cross-origin\" allowfullscreen><\/iframe>\n<\/div><\/figure>\n\n\n\n<p><strong>Alesp &#8211; Not\u00edcias<\/strong><\/p>\n\n\n<div class=\"wp-block-image\">\n<figure class=\"aligncenter size-large is-resized\"><img loading=\"lazy\" decoding=\"async\" width=\"1024\" height=\"636\" src=\"https:\/\/jandira360.com.br\/expobigua\/wp-content\/uploads\/2025\/11\/Alesp_text-1024x636.png\" alt=\"\" class=\"wp-image-314\" style=\"width:800px;height:auto\" srcset=\"https:\/\/jandira360.com.br\/expobigua\/wp-content\/uploads\/2025\/11\/Alesp_text-1024x636.png 1024w, https:\/\/jandira360.com.br\/expobigua\/wp-content\/uploads\/2025\/11\/Alesp_text-300x186.png 300w, https:\/\/jandira360.com.br\/expobigua\/wp-content\/uploads\/2025\/11\/Alesp_text-768x477.png 768w, https:\/\/jandira360.com.br\/expobigua\/wp-content\/uploads\/2025\/11\/Alesp_text.png 1099w\" sizes=\"auto, (max-width: 1024px) 100vw, 1024px\" \/><\/figure>\n<\/div>\n\n\n<p>Link &#8211; <a href=\"https:\/\/www.al.sp.gov.br\/noticia\/?id=504323\">https:\/\/www.al.sp.gov.br\/noticia\/?id=504323<\/a><\/p>\n\n\n\n<p><strong>Alesp &#8211; Informe SP<\/strong><\/p>\n\n\n\n<figure class=\"wp-block-embed aligncenter is-type-video is-provider-youtube wp-block-embed-youtube wp-embed-aspect-16-9 wp-has-aspect-ratio\"><div class=\"wp-block-embed__wrapper\">\n<iframe loading=\"lazy\" title=\"Exposi\u00e7\u00e3o \u201cFavo de Mel Bigu\u00e1 &amp; Nori\u201d retrata hist\u00f3ria e transforma\u00e7\u00f5es da cidade de Jandira\" width=\"500\" height=\"281\" src=\"https:\/\/www.youtube.com\/embed\/_eAWaHDk3GA?feature=oembed\" frameborder=\"0\" allow=\"accelerometer; autoplay; clipboard-write; encrypted-media; gyroscope; picture-in-picture; web-share\" referrerpolicy=\"strict-origin-when-cross-origin\" allowfullscreen><\/iframe>\n<\/div><\/figure>\n\n\n\n<p><strong>Alesp em Pauta <\/strong><\/p>\n\n\n\n<figure class=\"wp-block-embed aligncenter is-type-video is-provider-youtube wp-block-embed-youtube wp-embed-aspect-16-9 wp-has-aspect-ratio\"><div class=\"wp-block-embed__wrapper\">\n<iframe loading=\"lazy\" title=\"Alesp em Pauta  - 04\/11\/2025\" width=\"500\" height=\"281\" src=\"https:\/\/www.youtube.com\/embed\/68iaYH9-0J4?start=220&#038;feature=oembed\" frameborder=\"0\" allow=\"accelerometer; autoplay; clipboard-write; encrypted-media; gyroscope; picture-in-picture; web-share\" referrerpolicy=\"strict-origin-when-cross-origin\" allowfullscreen><\/iframe>\n<\/div><\/figure>\n\n\n\n<hr class=\"wp-block-separator has-alpha-channel-opacity\"\/>\n\n\n\n<p><strong>Conectv<\/strong> <\/p>\n\n\n\n<figure class=\"wp-block-embed aligncenter is-type-video is-provider-youtube wp-block-embed-youtube wp-embed-aspect-16-9 wp-has-aspect-ratio\"><div class=\"wp-block-embed__wrapper\">\n<iframe loading=\"lazy\" title=\"Exposi\u00e7\u00e3o fotogr\u00e1fica exibe passado e presente da cidade de Jandira na ALESP\" width=\"500\" height=\"281\" src=\"https:\/\/www.youtube.com\/embed\/pmRTbr1g60g?feature=oembed\" frameborder=\"0\" allow=\"accelerometer; autoplay; clipboard-write; encrypted-media; gyroscope; picture-in-picture; web-share\" referrerpolicy=\"strict-origin-when-cross-origin\" allowfullscreen><\/iframe>\n<\/div><\/figure>\n\n\n\n<p>Rede Conectv Instagram<\/p>\n\n\n<div class=\"wp-block-image\">\n<figure class=\"aligncenter size-full\"><img loading=\"lazy\" decoding=\"async\" width=\"714\" height=\"614\" src=\"https:\/\/jandira360.com.br\/expobigua\/wp-content\/uploads\/2025\/11\/insta_conect.png\" alt=\"\" class=\"wp-image-316\" srcset=\"https:\/\/jandira360.com.br\/expobigua\/wp-content\/uploads\/2025\/11\/insta_conect.png 714w, https:\/\/jandira360.com.br\/expobigua\/wp-content\/uploads\/2025\/11\/insta_conect-300x258.png 300w\" sizes=\"auto, (max-width: 714px) 100vw, 714px\" \/><\/figure>\n<\/div>\n\n\n<p>Link &#8211; <a href=\"https:\/\/www.instagram.com\/reel\/DQr-MokiZss\/\">https:\/\/www.instagram.com\/reel\/DQr-MokiZss\/<\/a><\/p>\n\n\n\n<hr class=\"wp-block-separator has-alpha-channel-opacity\"\/>\n\n\n\n<p><strong>Portal Jandira <\/strong><\/p>\n\n\n<div class=\"wp-block-image\">\n<figure class=\"aligncenter size-full\"><img loading=\"lazy\" decoding=\"async\" width=\"719\" height=\"641\" src=\"https:\/\/jandira360.com.br\/expobigua\/wp-content\/uploads\/2025\/11\/bigua_pj.png\" alt=\"\" class=\"wp-image-315\" srcset=\"https:\/\/jandira360.com.br\/expobigua\/wp-content\/uploads\/2025\/11\/bigua_pj.png 719w, https:\/\/jandira360.com.br\/expobigua\/wp-content\/uploads\/2025\/11\/bigua_pj-300x267.png 300w\" sizes=\"auto, (max-width: 719px) 100vw, 719px\" \/><\/figure>\n<\/div>\n\n\n<p>Link &#8211; <a href=\"https:\/\/portaljandira.com.br\/site\/exposicao-bigua-nori-duas-visoes-uma-cidade-chega-a-alesp-com-entrada-gratuita\/pj\">https:\/\/portaljandira.com.br\/site\/exposicao-bigua-nori-duas-visoes-uma-cidade-chega-a-alesp-com-entrada-gratuita\/pj<\/a><\/p>\n\n\n\n<hr class=\"wp-block-separator has-alpha-channel-opacity\"\/>\n\n\n\n<p><strong>Portal M\u00eddia Oeste<\/strong><\/p>\n\n\n<div class=\"wp-block-image\">\n<figure class=\"aligncenter size-full is-resized\"><img loading=\"lazy\" decoding=\"async\" width=\"789\" height=\"631\" src=\"https:\/\/jandira360.com.br\/expobigua\/wp-content\/uploads\/2025\/11\/bigua_midiaoeste.png\" alt=\"\" class=\"wp-image-318\" style=\"width:840px;height:auto\" srcset=\"https:\/\/jandira360.com.br\/expobigua\/wp-content\/uploads\/2025\/11\/bigua_midiaoeste.png 789w, https:\/\/jandira360.com.br\/expobigua\/wp-content\/uploads\/2025\/11\/bigua_midiaoeste-300x240.png 300w, https:\/\/jandira360.com.br\/expobigua\/wp-content\/uploads\/2025\/11\/bigua_midiaoeste-768x614.png 768w\" sizes=\"auto, (max-width: 789px) 100vw, 789px\" \/><\/figure>\n<\/div>\n\n\n<p>Link &#8211; <a href=\"https:\/\/midiaoeste.com.br\/exposicao-bigua-nori-duas-visoes-uma-cidade-chega-a-alesp-com-entrada-gratuita\/\">https:\/\/midiaoeste.com.br\/exposicao-bigua-nori-duas-visoes-uma-cidade-chega-a-alesp-com-entrada-gratuita\/<\/a><\/p>\n\n\n\n<hr class=\"wp-block-separator has-alpha-channel-opacity\"\/>\n\n\n\n<p><strong>Radialista Eduardo Segantine <\/strong><\/p>\n\n\n<div class=\"wp-block-image\">\n<figure class=\"aligncenter size-full\"><img loading=\"lazy\" decoding=\"async\" width=\"867\" height=\"550\" src=\"https:\/\/jandira360.com.br\/expobigua\/wp-content\/uploads\/2025\/11\/eduardo.png\" alt=\"\" class=\"wp-image-319\" srcset=\"https:\/\/jandira360.com.br\/expobigua\/wp-content\/uploads\/2025\/11\/eduardo.png 867w, https:\/\/jandira360.com.br\/expobigua\/wp-content\/uploads\/2025\/11\/eduardo-300x190.png 300w, https:\/\/jandira360.com.br\/expobigua\/wp-content\/uploads\/2025\/11\/eduardo-768x487.png 768w\" sizes=\"auto, (max-width: 867px) 100vw, 867px\" \/><\/figure>\n<\/div>\n\n\n<p>Link &#8211; <a href=\"https:\/\/www.instagram.com\/p\/DQ0URIUjELf\/\">https:\/\/www.instagram.com\/p\/DQ0URIUjELf\/<\/a><\/p>\n\n\n\n<hr class=\"wp-block-separator has-alpha-channel-opacity\"\/>\n\n\n\n<p><strong>P\u00e1gina Zero<\/strong><\/p>\n\n\n<div class=\"wp-block-image\">\n<figure class=\"aligncenter size-full\"><img loading=\"lazy\" decoding=\"async\" width=\"773\" height=\"679\" src=\"https:\/\/jandira360.com.br\/expobigua\/wp-content\/uploads\/2025\/11\/p0-iug.png\" alt=\"\" class=\"wp-image-320\" srcset=\"https:\/\/jandira360.com.br\/expobigua\/wp-content\/uploads\/2025\/11\/p0-iug.png 773w, https:\/\/jandira360.com.br\/expobigua\/wp-content\/uploads\/2025\/11\/p0-iug-300x264.png 300w, https:\/\/jandira360.com.br\/expobigua\/wp-content\/uploads\/2025\/11\/p0-iug-768x675.png 768w\" sizes=\"auto, (max-width: 773px) 100vw, 773px\" \/><\/figure>\n<\/div>\n\n\n<p>Link &#8211; <a href=\"https:\/\/paginazero.com.br\/2025\/10\/31\/alesp-recebe-mostra-fotografica-bigua-nori-expondo-transformacoes-de-jandira\/\">https:\/\/paginazero.com.br\/2025\/10\/31\/alesp-recebe-mostra-fotografica-bigua-nori-expondo-transformacoes-de-jandira\/<\/a><\/p>\n\n\n\n<p><strong>Jornal P\u00e1gina Zero &#8211; Vers\u00e3o Impressa <\/strong> &#8211; Edi\u00e7\u00e3o n\u00ba 1722 (31\/10\/2025)<\/p>\n\n\n<div class=\"wp-block-image\">\n<figure class=\"aligncenter size-full is-resized\"><img loading=\"lazy\" decoding=\"async\" width=\"360\" height=\"383\" src=\"https:\/\/jandira360.com.br\/expobigua\/wp-content\/uploads\/2025\/11\/jornal-impresso_p0.png\" alt=\"\" class=\"wp-image-322\" style=\"width:460px;height:auto\" srcset=\"https:\/\/jandira360.com.br\/expobigua\/wp-content\/uploads\/2025\/11\/jornal-impresso_p0.png 360w, https:\/\/jandira360.com.br\/expobigua\/wp-content\/uploads\/2025\/11\/jornal-impresso_p0-282x300.png 282w\" sizes=\"auto, (max-width: 360px) 100vw, 360px\" \/><\/figure>\n<\/div>\n\n\n<p>Vers\u00e3o &#8211; <a href=\"https:\/\/issuu.com\/jornalpaginazero\/docs\/p_gina_zero_edi_o_n_1722_31_10_2025_\">https:\/\/issuu.com\/jornalpaginazero\/docs\/p_gina_zero_edi_o_n_1722_31_10_2025_<\/a><\/p>\n\n\n\n<hr class=\"wp-block-separator has-alpha-channel-opacity\"\/>\n\n\n\n<p><\/p>\n\n\n\n<p><\/p>\n\n\n\n<p><\/p>\n\n\n\n<p><\/p>\n\n\n\n<p><\/p>\n\n\n\n<p><\/p>\n\n\n\n<hr class=\"wp-block-separator has-alpha-channel-opacity\"\/>\n\n\n\n<p><strong>Segunda Fase &#8211; Exposi\u00e7\u00e3o no Jandira Plaza Shopping<\/strong><\/p>\n\n\n\n<p><\/p>\n\n\n\n<p><\/p>\n\n\n\n<p><\/p>\n\n\n\n<p><\/p>\n\n\n\n<p><\/p>\n\n\n\n<p><\/p>\n\n\n\n<hr class=\"wp-block-separator has-alpha-channel-opacity\"\/>\n\n\n\n<p><strong>Primeira Fase<\/strong><\/p>\n\n\n\n<ul class=\"wp-block-list\">\n<li><strong>TNC &#8211; Amigos Vip com Dal Santos<\/strong><\/li>\n<\/ul>\n\n\n\n<p>ESPECIAL: EXPOSI\u00c7\u00c3O DUAS VIS\u00d5ES E UMA CIDADE.<\/p>\n\n\n<div class=\"wp-block-image\">\n<figure class=\"aligncenter size-full\"><a href=\"https:\/\/www.youtube.com\/live\/n0r2p4POk2A?si=oEZHaT1QZx1RXv2T\" target=\"_blank\" rel=\" noreferrer noopener\"><img loading=\"lazy\" decoding=\"async\" width=\"605\" height=\"588\" src=\"https:\/\/jandira360.com.br\/expobigua\/wp-content\/uploads\/2025\/06\/image-7.png\" alt=\"\" class=\"wp-image-217\" srcset=\"https:\/\/jandira360.com.br\/expobigua\/wp-content\/uploads\/2025\/06\/image-7.png 605w, https:\/\/jandira360.com.br\/expobigua\/wp-content\/uploads\/2025\/06\/image-7-300x292.png 300w\" sizes=\"auto, (max-width: 605px) 100vw, 605px\" \/><\/a><\/figure>\n<\/div>\n\n\n<ul class=\"wp-block-list\">\n<li><strong><strong><strong>Instagram da Cultura de Jandira<\/strong> <\/strong><\/strong><\/li>\n<\/ul>\n\n\n<div class=\"wp-block-image\">\n<figure class=\"aligncenter size-full\"><a href=\"https:\/\/www.instagram.com\/p\/DKu4ww0y00T\/\" target=\"_blank\" rel=\" noreferrer noopener\"><img loading=\"lazy\" decoding=\"async\" width=\"821\" height=\"512\" src=\"https:\/\/jandira360.com.br\/expobigua\/wp-content\/uploads\/2025\/06\/image-6.png\" alt=\"\" class=\"wp-image-215\" srcset=\"https:\/\/jandira360.com.br\/expobigua\/wp-content\/uploads\/2025\/06\/image-6.png 821w, https:\/\/jandira360.com.br\/expobigua\/wp-content\/uploads\/2025\/06\/image-6-300x187.png 300w, https:\/\/jandira360.com.br\/expobigua\/wp-content\/uploads\/2025\/06\/image-6-768x479.png 768w\" sizes=\"auto, (max-width: 821px) 100vw, 821px\" \/><\/a><\/figure>\n<\/div>\n\n\n<ul class=\"wp-block-list\">\n<li><strong>Podcast Cidade &#8211; Entrevista com Nori Bernadeli e Mauro Godoy<\/strong><\/li>\n<\/ul>\n\n\n<div class=\"wp-block-image\">\n<figure class=\"aligncenter size-full\"><a href=\"https:\/\/portaljandira.com.br\/site\/podcast-cidade-fotografo-bigua-e-mauro-godoy\" target=\"_blank\" rel=\" noreferrer noopener\"><img loading=\"lazy\" decoding=\"async\" width=\"383\" height=\"455\" src=\"https:\/\/jandira360.com.br\/expobigua\/wp-content\/uploads\/2025\/06\/image-8.png\" alt=\"\" class=\"wp-image-218\" srcset=\"https:\/\/jandira360.com.br\/expobigua\/wp-content\/uploads\/2025\/06\/image-8.png 383w, https:\/\/jandira360.com.br\/expobigua\/wp-content\/uploads\/2025\/06\/image-8-253x300.png 253w\" sizes=\"auto, (max-width: 383px) 100vw, 383px\" \/><\/a><\/figure>\n<\/div>\n\n\n<ul class=\"wp-block-list\">\n<li><strong>Granja News<\/strong> &#8211; www.granjanews.com.br<\/li>\n<\/ul>\n\n\n<div class=\"wp-block-image\">\n<figure class=\"aligncenter size-large\"><a href=\"https:\/\/www.granjanews.com.br\/exposicao-fotografica-bigua-nori-celebra-a-historia-de-jandira-em-imagens\/\" target=\"_blank\" rel=\" noreferrer noopener\"><img loading=\"lazy\" decoding=\"async\" width=\"1024\" height=\"606\" src=\"https:\/\/jandira360.com.br\/expobigua\/wp-content\/uploads\/2025\/06\/Captura-de-tela-2025-06-22-185803-1024x606.png\" alt=\"\" class=\"wp-image-202\" srcset=\"https:\/\/jandira360.com.br\/expobigua\/wp-content\/uploads\/2025\/06\/Captura-de-tela-2025-06-22-185803-1024x606.png 1024w, https:\/\/jandira360.com.br\/expobigua\/wp-content\/uploads\/2025\/06\/Captura-de-tela-2025-06-22-185803-300x178.png 300w, https:\/\/jandira360.com.br\/expobigua\/wp-content\/uploads\/2025\/06\/Captura-de-tela-2025-06-22-185803-768x455.png 768w, https:\/\/jandira360.com.br\/expobigua\/wp-content\/uploads\/2025\/06\/Captura-de-tela-2025-06-22-185803.png 1133w\" sizes=\"auto, (max-width: 1024px) 100vw, 1024px\" \/><\/a><\/figure>\n<\/div>\n\n\n<ul class=\"wp-block-list\">\n<li><strong>Instagram Jornal Tribuna <\/strong><\/li>\n<\/ul>\n\n\n<div class=\"wp-block-image\">\n<figure class=\"aligncenter size-full\"><a href=\"https:\/\/www.instagram.com\/p\/DKNHoqSx4mj\/\" target=\"_blank\" rel=\" noreferrer noopener\"><img loading=\"lazy\" decoding=\"async\" width=\"992\" height=\"406\" src=\"https:\/\/jandira360.com.br\/expobigua\/wp-content\/uploads\/2025\/06\/Captura-de-tela-2025-06-19-111237.png\" alt=\"\" class=\"wp-image-205\" srcset=\"https:\/\/jandira360.com.br\/expobigua\/wp-content\/uploads\/2025\/06\/Captura-de-tela-2025-06-19-111237.png 992w, https:\/\/jandira360.com.br\/expobigua\/wp-content\/uploads\/2025\/06\/Captura-de-tela-2025-06-19-111237-300x123.png 300w, https:\/\/jandira360.com.br\/expobigua\/wp-content\/uploads\/2025\/06\/Captura-de-tela-2025-06-19-111237-768x314.png 768w\" sizes=\"auto, (max-width: 992px) 100vw, 992px\" \/><\/a><\/figure>\n<\/div>\n\n\n<ul class=\"wp-block-list\">\n<li><strong>Portal Jandira<\/strong> &#8211; www.portaljandira.com.br<\/li>\n<\/ul>\n\n\n<div class=\"wp-block-image\">\n<figure class=\"aligncenter size-large\"><a href=\"https:\/\/portaljandira.com.br\/site\/bigua-nori-duas-visoes-uma-cidade-resgata-a-historia-de-jandira-por-meio-da-fotografia\/pj\" target=\"_blank\" rel=\" noreferrer noopener\"><img loading=\"lazy\" decoding=\"async\" width=\"1024\" height=\"540\" src=\"https:\/\/jandira360.com.br\/expobigua\/wp-content\/uploads\/2025\/06\/image-1024x540.png\" alt=\"\" class=\"wp-image-207\" srcset=\"https:\/\/jandira360.com.br\/expobigua\/wp-content\/uploads\/2025\/06\/image-1024x540.png 1024w, https:\/\/jandira360.com.br\/expobigua\/wp-content\/uploads\/2025\/06\/image-300x158.png 300w, https:\/\/jandira360.com.br\/expobigua\/wp-content\/uploads\/2025\/06\/image-768x405.png 768w, https:\/\/jandira360.com.br\/expobigua\/wp-content\/uploads\/2025\/06\/image.png 1135w\" sizes=\"auto, (max-width: 1024px) 100vw, 1024px\" \/><\/a><\/figure>\n<\/div>\n\n\n<ul class=\"wp-block-list\">\n<li><strong>Barueri Eventos<\/strong> &#8211; www.baruerieventos.com.br<\/li>\n<\/ul>\n\n\n<div class=\"wp-block-image\">\n<figure class=\"aligncenter size-large\"><img loading=\"lazy\" decoding=\"async\" width=\"1024\" height=\"447\" src=\"https:\/\/jandira360.com.br\/expobigua\/wp-content\/uploads\/2025\/06\/image-1-1024x447.png\" alt=\"\" class=\"wp-image-208\" srcset=\"https:\/\/jandira360.com.br\/expobigua\/wp-content\/uploads\/2025\/06\/image-1-1024x447.png 1024w, https:\/\/jandira360.com.br\/expobigua\/wp-content\/uploads\/2025\/06\/image-1-300x131.png 300w, https:\/\/jandira360.com.br\/expobigua\/wp-content\/uploads\/2025\/06\/image-1-768x335.png 768w, https:\/\/jandira360.com.br\/expobigua\/wp-content\/uploads\/2025\/06\/image-1.png 1251w\" sizes=\"auto, (max-width: 1024px) 100vw, 1024px\" \/><\/figure>\n<\/div>\n\n\n<ul class=\"wp-block-list\">\n<li><strong>Nossa Oeste<\/strong> &#8211; www.nossaoeste.com.br<\/li>\n<\/ul>\n\n\n<div class=\"wp-block-image\">\n<figure class=\"aligncenter size-large\"><img loading=\"lazy\" decoding=\"async\" width=\"1024\" height=\"577\" src=\"https:\/\/jandira360.com.br\/expobigua\/wp-content\/uploads\/2025\/06\/image-2-1024x577.png\" alt=\"\" class=\"wp-image-209\" srcset=\"https:\/\/jandira360.com.br\/expobigua\/wp-content\/uploads\/2025\/06\/image-2-1024x577.png 1024w, https:\/\/jandira360.com.br\/expobigua\/wp-content\/uploads\/2025\/06\/image-2-300x169.png 300w, https:\/\/jandira360.com.br\/expobigua\/wp-content\/uploads\/2025\/06\/image-2-768x433.png 768w, https:\/\/jandira360.com.br\/expobigua\/wp-content\/uploads\/2025\/06\/image-2.png 1050w\" sizes=\"auto, (max-width: 1024px) 100vw, 1024px\" \/><\/figure>\n<\/div>\n\n\n<ul class=\"wp-block-list\">\n<li><strong>Programa Jornal de S\u00e1bado em parceria de transmiss\u00e3o pelo Portal Jandira <\/strong><\/li>\n<\/ul>\n\n\n<div class=\"wp-block-image\">\n<figure class=\"aligncenter size-full\"><a href=\"https:\/\/www.instagram.com\/reel\/DKgMoDHMG4M\/\" target=\"_blank\" rel=\" noreferrer noopener\"><img loading=\"lazy\" decoding=\"async\" width=\"691\" height=\"587\" src=\"https:\/\/jandira360.com.br\/expobigua\/wp-content\/uploads\/2025\/06\/image-4.png\" alt=\"\" class=\"wp-image-211\" srcset=\"https:\/\/jandira360.com.br\/expobigua\/wp-content\/uploads\/2025\/06\/image-4.png 691w, https:\/\/jandira360.com.br\/expobigua\/wp-content\/uploads\/2025\/06\/image-4-300x255.png 300w\" sizes=\"auto, (max-width: 691px) 100vw, 691px\" \/><\/a><\/figure>\n<\/div>\n\n\n<ul class=\"wp-block-list\">\n<li><strong>Portal M\u00eddia Oeste<\/strong> &#8211; www.midiaoeste.com.br<\/li>\n<\/ul>\n\n\n<div class=\"wp-block-image\">\n<figure class=\"aligncenter size-large\"><a href=\"https:\/\/midiaoeste.com.br\/exposicao-fotografica-bigua-nori-celebra-a-historia-de-jandira-em-imagens\/\" target=\"_blank\" rel=\" noreferrer noopener\"><img loading=\"lazy\" decoding=\"async\" width=\"1024\" height=\"555\" src=\"https:\/\/jandira360.com.br\/expobigua\/wp-content\/uploads\/2025\/06\/image-5-1024x555.png\" alt=\"\" class=\"wp-image-213\" srcset=\"https:\/\/jandira360.com.br\/expobigua\/wp-content\/uploads\/2025\/06\/image-5-1024x555.png 1024w, https:\/\/jandira360.com.br\/expobigua\/wp-content\/uploads\/2025\/06\/image-5-300x162.png 300w, https:\/\/jandira360.com.br\/expobigua\/wp-content\/uploads\/2025\/06\/image-5-768x416.png 768w, https:\/\/jandira360.com.br\/expobigua\/wp-content\/uploads\/2025\/06\/image-5.png 1034w\" sizes=\"auto, (max-width: 1024px) 100vw, 1024px\" \/><\/a><\/figure>\n<\/div>\n\n\n<p><\/p>\n","protected":false},"excerpt":{"rendered":"<p>Exposi\u00e7\u00e3o na ALESP &#8211; De 03\/11 a 07\/11 Alesp &#8211; Not\u00edcias Link &#8211; https:\/\/www.al.sp.gov.br\/noticia\/?id=504323 Alesp &#8211; Informe SP Alesp em Pauta Conectv Rede Conectv Instagram Link &#8211; https:\/\/www.instagram.com\/reel\/DQr-MokiZss\/ Portal Jandira Link &#8211; https:\/\/portaljandira.com.br\/site\/exposicao-bigua-nori-duas-visoes-uma-cidade-chega-a-alesp-com-entrada-gratuita\/pj Portal M\u00eddia Oeste Link &#8211; https:\/\/midiaoeste.com.br\/exposicao-bigua-nori-duas-visoes-uma-cidade-chega-a-alesp-com-entrada-gratuita\/ Radialista Eduardo Segantine Link &#8211; https:\/\/www.instagram.com\/p\/DQ0URIUjELf\/ P\u00e1gina Zero Link &#8211; https:\/\/paginazero.com.br\/2025\/10\/31\/alesp-recebe-mostra-fotografica-bigua-nori-expondo-transformacoes-de-jandira\/ Jornal P\u00e1gina Zero &#8211; Vers\u00e3o [&hellip;]<\/p>\n","protected":false},"author":1,"featured_media":0,"parent":0,"menu_order":0,"comment_status":"closed","ping_status":"closed","template":"","meta":{"pagelayer_contact_templates":[],"_pagelayer_content":"","footnotes":""},"class_list":["post-201","page","type-page","status-publish","hentry"],"_links":{"self":[{"href":"https:\/\/jandira360.com.br\/expobigua\/wp-json\/wp\/v2\/pages\/201","targetHints":{"allow":["GET"]}}],"collection":[{"href":"https:\/\/jandira360.com.br\/expobigua\/wp-json\/wp\/v2\/pages"}],"about":[{"href":"https:\/\/jandira360.com.br\/expobigua\/wp-json\/wp\/v2\/types\/page"}],"author":[{"embeddable":true,"href":"https:\/\/jandira360.com.br\/expobigua\/wp-json\/wp\/v2\/users\/1"}],"replies":[{"embeddable":true,"href":"https:\/\/jandira360.com.br\/expobigua\/wp-json\/wp\/v2\/comments?post=201"}],"version-history":[{"count":18,"href":"https:\/\/jandira360.com.br\/expobigua\/wp-json\/wp\/v2\/pages\/201\/revisions"}],"predecessor-version":[{"id":324,"href":"https:\/\/jandira360.com.br\/expobigua\/wp-json\/wp\/v2\/pages\/201\/revisions\/324"}],"wp:attachment":[{"href":"https:\/\/jandira360.com.br\/expobigua\/wp-json\/wp\/v2\/media?parent=201"}],"curies":[{"name":"wp","href":"https:\/\/api.w.org\/{rel}","templated":true}]}}