{"id":41,"date":"2025-06-19T14:27:29","date_gmt":"2025-06-19T14:27:29","guid":{"rendered":"https:\/\/jandira360.com.br\/expobigua\/home\/"},"modified":"2025-11-01T18:40:19","modified_gmt":"2025-11-01T18:40:19","slug":"home","status":"publish","type":"page","link":"https:\/\/jandira360.com.br\/expobigua\/","title":{"rendered":"Home"},"content":{"rendered":"\n\n\n\n\n\n\n\n\n\n\n<p>Lorem Ipsum has been the industry&#8217;s standard dummy text ever since the 1500s.<\/p>\n\n\n\n<h2>Sobre Nori Bernadeli<\/h2><p style=\"-webkit-font-smoothing: antialiased; margin-top: 15px; margin-bottom: 5px; word-break: break-word; color: rgb(20, 33, 42); font-family: &quot;Fira Sans&quot;, system-ui, -apple-system, &quot;Segoe UI&quot;, Roboto, &quot;Helvetica Neue&quot;, Arial, &quot;Noto Sans&quot;, sans-serif, &quot;Apple Color Emoji&quot;, &quot;Segoe UI Emoji&quot;, &quot;Segoe UI Symbol&quot;, &quot;Noto Color Emoji&quot;; font-size: 15px; background-color: rgb(255, 255, 255);\">Fot\u00f3grafo, documentarista e pesquisador visual,&nbsp;<strong style=\"-webkit-font-smoothing: antialiased;\">Nori Bernardeli<\/strong>&nbsp;\u00e9 o respons\u00e1vel por trazer a nova perspectiva ao projeto. Com sensibilidade, t\u00e9cnica e profundo respeito pela hist\u00f3ria da cidade, Nori buscou os mesmos locais registrados por Bigu\u00e1 d\u00e9cadas atr\u00e1s para fotograf\u00e1-los novamente.<\/p><p style=\"-webkit-font-smoothing: antialiased; margin-top: 15px; margin-bottom: 5px; word-break: break-word; color: rgb(20, 33, 42); font-family: &quot;Fira Sans&quot;, system-ui, -apple-system, &quot;Segoe UI&quot;, Roboto, &quot;Helvetica Neue&quot;, Arial, &quot;Noto Sans&quot;, sans-serif, &quot;Apple Color Emoji&quot;, &quot;Segoe UI Emoji&quot;, &quot;Segoe UI Symbol&quot;, &quot;Noto Color Emoji&quot;; font-size: 15px; background-color: rgb(255, 255, 255);\">Seu trabalho vai al\u00e9m da t\u00e9cnica fotogr\u00e1fica: \u00e9 tamb\u00e9m&nbsp;<strong style=\"-webkit-font-smoothing: antialiased;\">um exerc\u00edcio de mem\u00f3ria, pertencimento e afeto<\/strong>. Ao atualizar as imagens hist\u00f3ricas, Nori oferece ao p\u00fablico a oportunidade de refletir sobre o tempo, as mudan\u00e7as urbanas e sociais, e o que permanece em nossas paisagens cotidianas.<\/p><p style=\"-webkit-font-smoothing: antialiased; margin-top: 15px; margin-bottom: 5px; word-break: break-word; color: rgb(20, 33, 42); font-family: &quot;Fira Sans&quot;, system-ui, -apple-system, &quot;Segoe UI&quot;, Roboto, &quot;Helvetica Neue&quot;, Arial, &quot;Noto Sans&quot;, sans-serif, &quot;Apple Color Emoji&quot;, &quot;Segoe UI Emoji&quot;, &quot;Segoe UI Symbol&quot;, &quot;Noto Color Emoji&quot;; font-size: 15px; background-color: rgb(255, 255, 255);\">Nori tamb\u00e9m atua como agente cultural em Jandira, participando de projetos que valorizam a arte local e promovem a democratiza\u00e7\u00e3o da cultura. Com uma carreira dedicada ao resgate de hist\u00f3rias visuais e \u00e0 forma\u00e7\u00e3o cultural da comunidade, ele segue os passos de Bigu\u00e1 como um&nbsp;<strong style=\"-webkit-font-smoothing: antialiased;\">guardi\u00e3o visual da cidade<\/strong>.<\/p><blockquote class=\"wp-block-quote is-layout-flow wp-block-quote-is-layout-flow\" style=\"-webkit-font-smoothing: antialiased; font-style: italic; line-height: 1.3; letter-spacing: 1px; border-left-width: 2px; padding: 10px 15px; background: rgba(181, 181, 181, 0.15); margin-top: 15px; margin-bottom: 15px; color: rgb(20, 33, 42); font-family: &quot;Fira Sans&quot;, system-ui, -apple-system, &quot;Segoe UI&quot;, Roboto, &quot;Helvetica Neue&quot;, Arial, &quot;Noto Sans&quot;, sans-serif, &quot;Apple Color Emoji&quot;, &quot;Segoe UI Emoji&quot;, &quot;Segoe UI Symbol&quot;, &quot;Noto Color Emoji&quot;; font-size: 15px; border-color: inherit !important;\"><p style=\"-webkit-font-smoothing: antialiased; margin-bottom: 5px; word-break: break-word; line-height: 1.3;\">\ud83d\udcf8&nbsp;<span style=\"-webkit-font-smoothing: antialiased; color: rgb(249, 77, 28); font-style: normal; font-weight: bold;\">\u201cFotografar Jandira \u00e9 como olhar para dentro. \u00c9 perceber que a cidade tamb\u00e9m nos molda.\u201d<\/span>&nbsp;\u2013 Nori Bernardeli<\/p><\/blockquote>\n\n\n\n\n\n<p>Lorem Ipsum has been the industry&#8217;s standard dummy text ever since the 1500s.<\/p>\n\n\n\n<h2>Sobre Bigu\u00e1<\/h2><h3 class=\"wp-block-heading\" style=\"-webkit-font-smoothing: antialiased; line-height: 1.2; word-break: break-word; font-size: 30px; color: rgb(20, 33, 42); font-family: &quot;Fira Sans&quot;, system-ui, -apple-system, &quot;Segoe UI&quot;, Roboto, &quot;Helvetica Neue&quot;, Arial, &quot;Noto Sans&quot;, sans-serif, &quot;Apple Color Emoji&quot;, &quot;Segoe UI Emoji&quot;, &quot;Segoe UI Symbol&quot;, &quot;Noto Color Emoji&quot;; background-color: rgb(255, 255, 255);\">\ud83e\uddd4\ud83c\udffd\u200d\u2642\ufe0f&nbsp;<strong style=\"-webkit-font-smoothing: antialiased;\">Anthero Correa de Godoy Filho \u2013 o \u201cBIGU\u00c1\u201d (1927\u20132011)<\/strong><\/h3><p style=\"-webkit-font-smoothing: antialiased; margin-top: 15px; margin-bottom: 5px; word-break: break-word; color: rgb(20, 33, 42); font-family: &quot;Fira Sans&quot;, system-ui, -apple-system, &quot;Segoe UI&quot;, Roboto, &quot;Helvetica Neue&quot;, Arial, &quot;Noto Sans&quot;, sans-serif, &quot;Apple Color Emoji&quot;, &quot;Segoe UI Emoji&quot;, &quot;Segoe UI Symbol&quot;, &quot;Noto Color Emoji&quot;; font-size: 15px; background-color: rgb(255, 255, 255);\">Conhecido carinhosamente como&nbsp;<strong style=\"-webkit-font-smoothing: antialiased;\">Bigu\u00e1<\/strong>, Anthero foi muito mais do que um fot\u00f3grafo: foi um&nbsp;<strong style=\"-webkit-font-smoothing: antialiased;\">cronista visual<\/strong>&nbsp;da cidade de Jandira. Com sua c\u00e2mera nas m\u00e3os, registrou momentos marcantes da vida urbana, dos eventos sociais e das transforma\u00e7\u00f5es que moldaram o munic\u00edpio ao longo do s\u00e9culo XX.<br style=\"-webkit-font-smoothing: antialiased;\">Seu olhar atento e sens\u00edvel eternizou ruas, pra\u00e7as, personagens e paisagens que fazem parte da hist\u00f3ria afetiva dos moradores.<\/p><p style=\"-webkit-font-smoothing: antialiased; margin-top: 15px; margin-bottom: 5px; word-break: break-word; color: rgb(20, 33, 42); font-family: &quot;Fira Sans&quot;, system-ui, -apple-system, &quot;Segoe UI&quot;, Roboto, &quot;Helvetica Neue&quot;, Arial, &quot;Noto Sans&quot;, sans-serif, &quot;Apple Color Emoji&quot;, &quot;Segoe UI Emoji&quot;, &quot;Segoe UI Symbol&quot;, &quot;Noto Color Emoji&quot;; font-size: 15px; background-color: rgb(255, 255, 255);\">Bigu\u00e1 foi, por muitos anos,&nbsp;<strong style=\"-webkit-font-smoothing: antialiased;\">o principal fot\u00f3grafo da cidade<\/strong>, tendo atuado em coberturas jornal\u00edsticas, casamentos, inaugura\u00e7\u00f5es e momentos c\u00edvicos. Seu acervo \u00e9 um verdadeiro patrim\u00f4nio cultural e hist\u00f3rico de Jandira.<\/p><blockquote class=\"wp-block-quote is-layout-flow wp-block-quote-is-layout-flow\" style=\"-webkit-font-smoothing: antialiased; font-style: italic; line-height: 1.3; letter-spacing: 1px; border-left-width: 2px; padding: 10px 15px; background: rgba(181, 181, 181, 0.15); margin-top: 15px; margin-bottom: 15px; color: rgb(20, 33, 42); font-family: &quot;Fira Sans&quot;, system-ui, -apple-system, &quot;Segoe UI&quot;, Roboto, &quot;Helvetica Neue&quot;, Arial, &quot;Noto Sans&quot;, sans-serif, &quot;Apple Color Emoji&quot;, &quot;Segoe UI Emoji&quot;, &quot;Segoe UI Symbol&quot;, &quot;Noto Color Emoji&quot;; font-size: 15px; border-color: inherit !important;\"><p style=\"-webkit-font-smoothing: antialiased; margin-bottom: 5px; word-break: break-word; line-height: 1.3;\">\u2728&nbsp;<span style=\"-webkit-font-smoothing: antialiased; color: rgb(249, 77, 28); font-style: normal; font-weight: bold;\">\u201cBigu\u00e1 foi o olho que Jandira teve sobre si mesma nas d\u00e9cadas passadas. Um fot\u00f3grafo que registrava com alma.\u201d<\/span><\/p><\/blockquote>\n\n\n\n\n\n\n\n\n<h2>Sobre a exposi\u00e7\u00e3o\u00a0<\/h2>\n\n\n<p style=\"-webkit-font-smoothing: antialiased; margin-top: 15px; margin-bottom: 5px; word-break: break-word; color: rgb(20, 33, 42); font-family: &quot;Fira Sans&quot;, system-ui, -apple-system, &quot;Segoe UI&quot;, Roboto, &quot;Helvetica Neue&quot;, Arial, &quot;Noto Sans&quot;, sans-serif, &quot;Apple Color Emoji&quot;, &quot;Segoe UI Emoji&quot;, &quot;Segoe UI Symbol&quot;, &quot;Noto Color Emoji&quot;; font-size: 15px; text-align: start; background-color: rgb(255, 255, 255);\">Essas duas trajet\u00f3rias, que se cruzam no tempo atrav\u00e9s da fotografia, mostram que a cidade de Jandira tem muito a contar \u2014 e que olhar para o passado com olhos do presente \u00e9 uma forma poderosa de valorizar nossa identidade.<\/p><p style=\"-webkit-font-smoothing: antialiased; margin-top: 15px; margin-bottom: 5px; word-break: break-word; color: rgb(20, 33, 42); font-family: &quot;Fira Sans&quot;, system-ui, -apple-system, &quot;Segoe UI&quot;, Roboto, &quot;Helvetica Neue&quot;, Arial, &quot;Noto Sans&quot;, sans-serif, &quot;Apple Color Emoji&quot;, &quot;Segoe UI Emoji&quot;, &quot;Segoe UI Symbol&quot;, &quot;Noto Color Emoji&quot;; font-size: 15px; text-align: start; background-color: rgb(255, 255, 255);\"><\/p><hr class=\"wp-block-separator has-alpha-channel-opacity\" style=\"box-sizing: border-box; -webkit-font-smoothing: antialiased; color: rgb(20, 33, 42); font-family: &quot;Fira Sans&quot;, system-ui, -apple-system, &quot;Segoe UI&quot;, Roboto, &quot;Helvetica Neue&quot;, Arial, &quot;Noto Sans&quot;, sans-serif, &quot;Apple Color Emoji&quot;, &quot;Segoe UI Emoji&quot;, &quot;Segoe UI Symbol&quot;, &quot;Noto Color Emoji&quot;; font-size: 15px; text-align: start; background-color: rgb(255, 255, 255);\"><h3 class=\"wp-block-heading\" style=\"-webkit-font-smoothing: antialiased; line-height: 1.2; word-break: break-word; font-size: 30px; color: rgb(20, 33, 42); font-family: &quot;Fira Sans&quot;, system-ui, -apple-system, &quot;Segoe UI&quot;, Roboto, &quot;Helvetica Neue&quot;, Arial, &quot;Noto Sans&quot;, sans-serif, &quot;Apple Color Emoji&quot;, &quot;Segoe UI Emoji&quot;, &quot;Segoe UI Symbol&quot;, &quot;Noto Color Emoji&quot;; text-align: start; background-color: rgb(255, 255, 255);\">Projeto contemplado pela Lei Aldir Blanc com exposi\u00e7\u00f5es gratuitas<\/h3><p style=\"-webkit-font-smoothing: antialiased; margin-top: 15px; margin-bottom: 5px; word-break: break-word; color: rgb(20, 33, 42); font-family: &quot;Fira Sans&quot;, system-ui, -apple-system, &quot;Segoe UI&quot;, Roboto, &quot;Helvetica Neue&quot;, Arial, &quot;Noto Sans&quot;, sans-serif, &quot;Apple Color Emoji&quot;, &quot;Segoe UI Emoji&quot;, &quot;Segoe UI Symbol&quot;, &quot;Noto Color Emoji&quot;; font-size: 15px; text-align: start; background-color: rgb(255, 255, 255);\">Exposi\u00e7\u00e3o fotogr\u00e1fica&nbsp;<strong style=\"-webkit-font-smoothing: antialiased;\">\u201cBIGU\u00c1 &amp; NORI: DUAS VIS\u00d5ES, UMA CIDADE!\u201d<\/strong>, um projeto cultural que une arte, mem\u00f3ria e identidade urbana. A exposi\u00e7\u00e3o \u00e9 viabilizada com recursos da&nbsp;<strong style=\"-webkit-font-smoothing: antialiased;\">Lei Aldir Blanc \u2013 Edital Jandira<\/strong>, uma iniciativa de fomento \u00e0 cultura local.<\/p><h3 class=\"wp-block-heading\" style=\"-webkit-font-smoothing: antialiased; line-height: 1.2; word-break: break-word; font-size: 30px; color: rgb(20, 33, 42); font-family: &quot;Fira Sans&quot;, system-ui, -apple-system, &quot;Segoe UI&quot;, Roboto, &quot;Helvetica Neue&quot;, Arial, &quot;Noto Sans&quot;, sans-serif, &quot;Apple Color Emoji&quot;, &quot;Segoe UI Emoji&quot;, &quot;Segoe UI Symbol&quot;, &quot;Noto Color Emoji&quot;; text-align: start; background-color: rgb(255, 255, 255);\"><span style=\"font-size: 15px;\">A exposi\u00e7\u00e3o conta com<\/span><span style=\"font-size: 15px;\">&nbsp;<\/span><strong style=\"font-size: 15px; -webkit-font-smoothing: antialiased;\">10 obras fotogr\u00e1ficas em tamanho 60\u00d760 cm<\/strong><span style=\"font-size: 15px;\">, que proporcionaram ao p\u00fablico uma visualiza\u00e7\u00e3o confort\u00e1vel e acess\u00edvel. <\/span><\/h3>\n\n\n<h3 class=\"wp-block-heading\" style=\"-webkit-font-smoothing: antialiased; line-height: 1.2; word-break: break-word; font-size: 30px; color: rgb(20, 33, 42); font-family: &quot;Fira Sans&quot;, system-ui, -apple-system, &quot;Segoe UI&quot;, Roboto, &quot;Helvetica Neue&quot;, Arial, &quot;Noto Sans&quot;, sans-serif, &quot;Apple Color Emoji&quot;, &quot;Segoe UI Emoji&quot;, &quot;Segoe UI Symbol&quot;, &quot;Noto Color Emoji&quot;; text-align: start; background-color: rgb(255, 255, 255);\"><span style=\"font-size: 15px;\"><strong>Cr\u00e9ditos:<\/strong><\/span><\/h3><p style=\"-webkit-font-smoothing: antialiased; margin-top: 15px; margin-bottom: 5px; word-break: break-word; color: rgb(20, 33, 42); font-family: &quot;Fira Sans&quot;, system-ui, -apple-system, &quot;Segoe UI&quot;, Roboto, &quot;Helvetica Neue&quot;, Arial, &quot;Noto Sans&quot;, sans-serif, &quot;Apple Color Emoji&quot;, &quot;Segoe UI Emoji&quot;, &quot;Segoe UI Symbol&quot;, &quot;Noto Color Emoji&quot;; font-size: 15px; text-align: start; background-color: rgb(255, 255, 255);\">Fotos Antigas de Jandira \u2013 Bigu\u00e1 \u2013 Acervo Pessoal<\/p><p style=\"-webkit-font-smoothing: antialiased; margin-top: 15px; margin-bottom: 5px; word-break: break-word; color: rgb(20, 33, 42); font-family: &quot;Fira Sans&quot;, system-ui, -apple-system, &quot;Segoe UI&quot;, Roboto, &quot;Helvetica Neue&quot;, Arial, &quot;Noto Sans&quot;, sans-serif, &quot;Apple Color Emoji&quot;, &quot;Segoe UI Emoji&quot;, &quot;Segoe UI Symbol&quot;, &quot;Noto Color Emoji&quot;; font-size: 15px; text-align: start; background-color: rgb(255, 255, 255);\">Foto Atualizadas \u2013 Nori Bernardeli<\/p>\n\n\n<h3 class=\"wp-block-heading\" style=\"font-family: &quot;Fira Sans&quot;, system-ui, -apple-system, &quot;Segoe UI&quot;, Roboto, &quot;Helvetica Neue&quot;, Arial, &quot;Noto Sans&quot;, sans-serif, &quot;Apple Color Emoji&quot;, &quot;Segoe UI Emoji&quot;, &quot;Segoe UI Symbol&quot;, &quot;Noto Color Emoji&quot;; font-size: 30px; color: rgb(20, 33, 42); -webkit-font-smoothing: antialiased; line-height: 1.2; word-break: break-word; text-align: start; background-color: rgb(255, 255, 255);\"><span style=\"font-size: 15px;\"><span style=\"font-weight: 700;\">Curadoria:<\/span><\/span><\/h3><p style=\"-webkit-font-smoothing: antialiased; margin-top: 15px; margin-bottom: 5px; word-break: break-word; color: rgb(20, 33, 42); font-family: &quot;Fira Sans&quot;, system-ui, -apple-system, &quot;Segoe UI&quot;, Roboto, &quot;Helvetica Neue&quot;, Arial, &quot;Noto Sans&quot;, sans-serif, &quot;Apple Color Emoji&quot;, &quot;Segoe UI Emoji&quot;, &quot;Segoe UI Symbol&quot;, &quot;Noto Color Emoji&quot;; font-size: 15px; text-align: start; background-color: rgb(255, 255, 255);\">Carlos Colli<\/p>\n\n\n\n\n\n\n<h2>&#8220;Exposi\u00e7\u00e3o &#8220;Bigu\u00e1 &amp; Nori&#8221;<\/h2>\n\n\n<h2>Fotos, imagens e pesquisa<\/h2>\n\n\n\n\n\n\n<h2>BIGU\u00c1 &amp; NORI<\/h2>\n\n\n\n\nExposi\u00e7\u00e3o &#8220;Bigu\u00e1 &amp; Nori&#8221;&nbsp;\n\n\n\n\nExposi\u00e7\u00e3o &#8220;Bigu\u00e1 &amp; Nori&#8221;&nbsp;\n\n\n\n\nExposi\u00e7\u00e3o &#8220;Bigu\u00e1 &amp; Nori&#8221;&nbsp;\n\n\n\n\n\n\n\n\n\n\n\n\n<span style=\"color: rgb(253, 191, 142); font-family: Poppins; font-size: 40px; letter-spacing: normal; text-align: center; text-transform: none; text-decoration-style: initial;\">Agenda da Exposi\u00e7\u00e3o Presencial<\/span>\n\n\n\n\n\n\n\n<p style=\"font-size:15px;font-family:quicksand;font-weight:500;line-height:2;color:#fff;\"><span style=\"font-family: Quicksand; font-size: 24px; font-weight: 700; text-transform: capitalize;\">Exposi\u00e7\u00e3o&nbsp;<\/span><\/p><p style=\"font-size:15px;font-family:quicksand;font-weight:500;line-height:2;color:#fff;\">03 a 07\/Novembro 8h-20h&nbsp;<\/p><p style=\"font-size:15px;font-family:quicksand;font-weight:500;line-height:2;color:#fff;\"><br><\/p>\n<p style=\"font-size:15px;font-family:quicksand;font-weight:500;line-height:2;color:#fff;\">07\/Junho &#8211; 15h.<\/p>\n\n\n<p style=\"font-size:15px;font-family:quicksand;font-weight:500;line-height:2;color:#fff;\">De 01 a 07\/Julho &#8211; 10h &#8211; 20h.<\/p>\n\n\n<p style=\"font-size:15px;font-family:quicksand;font-weight:500;line-height:2;color:#fff;\">12\/Junho &#8211; 9h-16h.<\/p>\n\n\n\n\n\n\n\n\n\n\n\n\n","protected":false},"excerpt":{"rendered":"","protected":false},"author":1,"featured_media":0,"parent":0,"menu_order":0,"comment_status":"closed","ping_status":"closed","template":"","meta":{"pagelayer_contact_templates":[],"_pagelayer_content":"","footnotes":""},"class_list":["post-41","page","type-page","status-publish","hentry"],"_links":{"self":[{"href":"https:\/\/jandira360.com.br\/expobigua\/wp-json\/wp\/v2\/pages\/41","targetHints":{"allow":["GET"]}}],"collection":[{"href":"https:\/\/jandira360.com.br\/expobigua\/wp-json\/wp\/v2\/pages"}],"about":[{"href":"https:\/\/jandira360.com.br\/expobigua\/wp-json\/wp\/v2\/types\/page"}],"author":[{"embeddable":true,"href":"https:\/\/jandira360.com.br\/expobigua\/wp-json\/wp\/v2\/users\/1"}],"replies":[{"embeddable":true,"href":"https:\/\/jandira360.com.br\/expobigua\/wp-json\/wp\/v2\/comments?post=41"}],"version-history":[{"count":11,"href":"https:\/\/jandira360.com.br\/expobigua\/wp-json\/wp\/v2\/pages\/41\/revisions"}],"predecessor-version":[{"id":310,"href":"https:\/\/jandira360.com.br\/expobigua\/wp-json\/wp\/v2\/pages\/41\/revisions\/310"}],"wp:attachment":[{"href":"https:\/\/jandira360.com.br\/expobigua\/wp-json\/wp\/v2\/media?parent=41"}],"curies":[{"name":"wp","href":"https:\/\/api.w.org\/{rel}","templated":true}]}}